{"id":3497,"date":"2024-05-10T07:22:32","date_gmt":"2024-05-10T07:22:32","guid":{"rendered":"https:\/\/metodyca.com\/?post_type=product&#038;p=3497"},"modified":"2025-02-11T08:59:22","modified_gmt":"2025-02-11T08:59:22","slug":"crema-spf","status":"publish","type":"product","link":"https:\/\/metodyca.com\/?product=crema-spf","title":{"rendered":"Crema SPF 50+ Facial"},"content":{"rendered":"\t\t<div data-elementor-type=\"product-post\" data-elementor-id=\"3497\" class=\"elementor elementor-3497\" data-elementor-settings=\"{&quot;ha_cmc_init_switcher&quot;:&quot;no&quot;}\" data-elementor-post-type=\"product\">\n\t\t\t\t<div class=\"elementor-element elementor-element-4df37f10 e-flex e-con-boxed e-con e-parent\" data-id=\"4df37f10\" data-element_type=\"container\" data-settings=\"{&quot;_ha_eqh_enable&quot;:false}\">\n\t\t\t\t\t<div class=\"e-con-inner\">\n\t\t\t\t<div class=\"elementor-element elementor-element-db526e2 elementor-widget elementor-widget-ucaddon_content_tabs\" data-id=\"db526e2\" data-element_type=\"widget\" data-widget_type=\"ucaddon_content_tabs.default\">\n\t\t\t\t<div class=\"elementor-widget-container\">\n\t\t\t\n<!-- start Content Tabs -->\n\t\t<link id='font-awesome-css' href='https:\/\/metodyca.com\/wp-content\/plugins\/unlimited-elements-for-elementor\/assets_libraries\/font-awesome6\/fontawesome-all.min.css' type='text\/css' rel='stylesheet' >\n\t\t<link id='font-awesome-4-shim-css' href='https:\/\/metodyca.com\/wp-content\/plugins\/unlimited-elements-for-elementor\/assets_libraries\/font-awesome6\/fontawesome-v4-shims.min.css' type='text\/css' rel='stylesheet' >\n\n<style>\/* widget: Content Tabs *\/\n\n#uc_content_tabs_elementor_db526e2 \n{ \n  text-align: left; \n  position: relative;\n  overflow:hidden;\n  display:flex;\n  flex-direction:column;\n}\n\n\n#uc_content_tabs_elementor_db526e2 .ue-graphic-element\n{\n  display:inline-flex;\n  align-items:center;\n  justify-content:center;\n  line-height:1em;\n  overflow:hidden;\n}\n\n#uc_content_tabs_elementor_db526e2 .ue-graphic-element svg\n{\n  height:1em;\n  width:1em;\n}\n\n#uc_content_tabs_elementor_db526e2 .ue-graphic-element img\n{\n  display:block;\n}\n\n#uc_content_tabs_elementor_db526e2 .ue-item-image img\n{\n  width:100%;\n  display:block;\n}\n\n#uc_content_tabs_elementor_db526e2 .uc_container .uc_btn {\n\n    text-align: center;\n    display: inline-block;\n    text-decoration: none;\n    transition: ease-in-out all 0.25s;\n}\n\n\t\n\n\n#uc_content_tabs_elementor_db526e2 * {\n    box-sizing: border-box;\n}\n#uc_content_tabs_elementor_db526e2 .ue-tab-btn\n{\n  transition: 0.5s;\n} \n\n#uc_content_tabs_elementor_db526e2 > ul.tabs{\n   margin:0px;\n   list-style:none;\n   display:flex;\n}\n\n\n  #uc_content_tabs_elementor_db526e2 > ul.tabs{\n      justify-content:flex-start;\n      flex-wrap: wrap;\n  }\n\n\n#uc_content_tabs_elementor_db526e2 > ul.tabs > li\n{\n\tpadding:0px; \n\tmargin:0px;\n    \t\n\n}\n\n\n\t\n#uc_content_tabs_elementor_db526e2 > ul.tabs > li > a {\n\t\n\tdisplay:flex;\n\ttext-decoration:none;\n    transition:0.5s;\n    flex-wrap: wrap;\n    \n}\n\n#uc_content_tabs_elementor_db526e2 .tab-container {\n\tclear:both;\n\toverflow:hidden;\n}\n\n#uc_content_tabs_elementor_db526e2 .ue_post_image img\n{\n  display:block;\n  width:100%;\n  object-fit: cover;\n}\n\n#uc_content_tabs_elementor_db526e2 .ue_post_link\n{\n  display:;\n  text-decoration:none;\n}\n\n#uc_content_tabs_elementor_db526e2 .panes{ display:none;}\n#uc_content_tabs_elementor_db526e2.r-tabs .r-tabs-tab {\n    display: block;\n    margin: 0;\n    list-style: none;\n}\n\n#uc_content_tabs_elementor_db526e2.r-tabs .r-tabs-panel {\n    display: none;\n}\n\n#uc_content_tabs_elementor_db526e2.r-tabs .r-tabs-accordion-title {\n    display: none;\n}\n\n#uc_content_tabs_elementor_db526e2.r-tabs .r-tabs-panel.r-tabs-state-active {\n    display: flex;\n}\n#uc_content_tabs_elementor_db526e2 .panel-container{\n   width:100%;\n }\n\n\n@media only screen and (max-width: 768px){\n  \n #uc_content_tabs_elementor_db526e2 > ul.tabs {display:none;}\n #uc_content_tabs_elementor_db526e2.r-tabs .r-tabs-nav { display: none;}\n\n #uc_content_tabs_elementor_db526e2.r-tabs .r-tabs-accordion-title { display: block;}\n #uc_content_tabs_elementor_db526e2 .r-tabs-accordion-title .r-tabs-anchor{ \n      display:flex;\n      align-items:center;\n      overflow:hidden; \n }\n  \n #uc_content_tabs_elementor_db526e2 .uc-tabs-accordion-title{\n     flex-grow:1;\n }\n  \n #uc_content_tabs_elementor_db526e2 .r-tabs-accordion-title .uc-accordion-icon-collapse{\n    display:none;    \n }\n  \n #uc_content_tabs_elementor_db526e2 .r-tabs-accordion-title.r-tabs-state-active .uc-accordion-icon-collapse{\n    display:block;\n }\n  \n #uc_content_tabs_elementor_db526e2 .r-tabs-accordion-title.r-tabs-state-active .uc-accordion-icon-expand{\n    display:none;\n }\n  \n #uc_content_tabs_elementor_db526e2 .ue-item-content-layout{\n    display:flex;\n    flex-direction:column;\n }\n\n #uc_content_tabs_elementor_db526e2 .ue-item-image-wrapper{\n \twidth:100%;\n }\n\n #uc_content_tabs_elementor_db526e2 .uc-tabs-accordion-title{\n    display:flex;\n    align-items:center;\n }\n\n #uc_content_tabs_elementor_db526e2 .panel-container{\n   width:100%;\n    } \n  \n  #uc_content_tabs_elementor_db526e2 .tab-container{\n    background-color: ;\n  }\n  \n}\n\n\n\n\n\n\n<\/style>\n\n<div class=\"uc_bold_tabs padding  \" id=\"uc_content_tabs_elementor_db526e2\"  data-debug=\"false\" data-editor=\"no\"  data-collapsible=\"true\" data-hash=\"false\" data-hash-scroll=\"off\" data-scroll-to-selected-tab-offset=\"0\" data-scroll-after-selected=\"false\">\n    \t<ul class=\"tabs uc_tab_nav uc-items-wrapper\">\n        \t\n<li class=\"elementor-repeater-item-098765a\">\n  \t\n  \t<a href=\"javascript:void(0);\" data-content-id=\"uc_content_tabs_elementor_db526e2_item1\"  data-hash-id=\"ue-tab1\" class=\"ue-tab-btn\">\n \t              \t   \n      <div>Detalles del producto<\/div>\n    <\/a>\n      \n<\/li>\n\n<li class=\"elementor-repeater-item-db9985e\">\n  \t\n  \t<a href=\"javascript:void(0);\" data-content-id=\"uc_content_tabs_elementor_db526e2_item2\"  data-hash-id=\"ue-tab2\" class=\"ue-tab-btn\">\n \t              \t   \n      <div>Ingredientes<\/div>\n    <\/a>\n      \n<\/li>\n\n<li class=\"elementor-repeater-item-563e3f0\">\n  \t\n  \t<a href=\"javascript:void(0);\" data-content-id=\"uc_content_tabs_elementor_db526e2_item3\"  data-hash-id=\"ue-tab3\" class=\"ue-tab-btn\">\n \t              \t   \n      <div>Modo de empleo<\/div>\n    <\/a>\n      \n<\/li>\n\n        <\/ul>\n        <div class=\"panel-container uc-items-wrapper2\">\n\t\t\t<div id=\"uc_content_tabs_elementor_db526e2_item1\" class=\"tab-container panes\">\n\t<div>\n                     <div class=\"ue-item-content-layout\"> \n           <div class=\"ue-item-image-wrapper\"><\/div>\n           <div class=\"ue-item-content-wrapper\">\n                      <div class=\"ue-content-text\"><div class=\"page\" title=\"Page 1\"><div class=\"layoutArea\"><div class=\"column\"><p>\u2713 Factor e proteccio\u0301n solar de amplio especto.<br \/>\u2713 Resistente al agua<br \/>\u2713 Accio\u0301n calmante e hidratante.<br \/>\u2713 Utilizacio\u0301n tanto en invierno como en periodos de verano de sol intenso.<\/p><\/div><\/div><\/div><\/div>                      <\/div>  \n         <\/div>\n         \n      \t<\/div>\n<\/div>\n<div id=\"uc_content_tabs_elementor_db526e2_item2\" class=\"tab-container panes\">\n\t<div>\n                     <div class=\"ue-item-content-layout\"> \n           <div class=\"ue-item-image-wrapper\"><\/div>\n           <div class=\"ue-item-content-wrapper\">\n                      <div class=\"ue-content-text\"><div class=\"page\" title=\"Page 1\"><div class=\"layoutArea\"><div class=\"column\"><ul><li><p>Extracto de Aloe Vera: Hidratante humectante captando agua, estimula la formacio\u0301n de cola\u0301geno y de a\u0301cido hialuro\u0301nico natural de la piel. Evita la evaporacio\u0301n del agua transepide\u0301rmica. Tambie\u0301n tiene poder antioxidante, antinflamatorio y analge\u0301sico, y reeneradora mejorando la textura y flexibilidad de la piel.<\/p><\/li><li><p>Glicerina: La glicerina pertenece a una clase de humectantes conocidos como hidratantes por su capacidad de atraer y retener la humedad evita la perdida de agua transde\u0301rmica. No so\u0301lo hidrata sino evita que el agua se evapore. Dejara\u0301 la capa ma\u0301s externa de tu piel tersa y equilibrada.<\/p><\/li><li><p>O\u0301xido de Zinc: Posee propiedades antise\u0301pticas, adema\u0301s de propiedades como agente fotoprotector ya que dispersa la radiacio\u0301n ultravioleta.<\/p><\/li><\/ul><\/div><\/div><\/div><\/div>                      <\/div>  \n         <\/div>\n         \n      \t<\/div>\n<\/div>\n<div id=\"uc_content_tabs_elementor_db526e2_item3\" class=\"tab-container panes\">\n\t<div>\n                     <div class=\"ue-item-content-layout\"> \n           <div class=\"ue-item-image-wrapper\"><\/div>\n           <div class=\"ue-item-content-wrapper\">\n                      <div class=\"ue-content-text\"><div class=\"page\" title=\"Page 1\"><div class=\"layoutArea\"><div class=\"column\">\u00a0<\/div><\/div><\/div><p class=\"p1\">Aplicar 30 min antes de la exposicio\u0301n solar, aplicando una cantidad de producto suficiente y extender sobre rostro y cuello con la yema de los dedos realizando un suave masaje hasta su total absorcio\u0301n.<\/p><p class=\"p1\">Si posteriormente vamos a aplicar maquillaje se recomienda dejar reposar 5 min antes de aplicarlo para asegurar la homogeneidad de la piel.<\/p><\/div>                      <\/div>  \n         <\/div>\n         \n      \t<\/div>\n<\/div>\n\n        <\/div>\n  \n  <div class=\"uc-accordion-contents-template\" style=\"display:none\">\n    <div class=\"uc-accordion-icon\">\n      <span class=\"uc-accordion-icon-expand\"><svg xmlns=\"http:\/\/www.w3.org\/2000\/svg\" id=\"b159ff04-3740-4ac3-96cc-b414ded50b3a\" data-name=\"Layer 1\" width=\"16\" height=\"16\" viewBox=\"0 0 16 16\"><polygon points=\"8.39 7.64 8.39 0 7.61 0 7.61 7.64 0 7.64 0 8.4 7.61 8.4 7.61 16 8.39 16 8.39 8.4 16 8.4 16 7.64 8.39 7.64\"><\/polygon><\/svg><\/span>\n      <span class=\"uc-accordion-icon-collapse\"><svg xmlns=\"http:\/\/www.w3.org\/2000\/svg\" id=\"adf49d60-5815-4ece-8d49-00a021de5c06\" data-name=\"Layer 1\" width=\"16\" height=\"16\" viewBox=\"0 0 16 16\"><rect width=\"16\" height=\"16\" style=\"opacity:0\"><\/rect><rect y=\"7.64\" width=\"16\" height=\"0.76\"><\/rect><\/svg><\/span>\n    <\/div>\n  <\/div>\n  \n<\/div>\n<!-- end Content Tabs -->\t\t<\/div>\n\t\t\t\t<\/div>\n\t\t\t\t\t<\/div>\n\t\t\t\t<\/div>\n\t\t\t\t<\/div>\n\t\t","protected":false},"excerpt":{"rendered":"<div class=\"page\" title=\"Page 1\">\n<div class=\"layoutArea\">\n<div class=\"column\">\n<div class=\"page\" title=\"Page 1\">\n<div class=\"layoutArea\">\n<div class=\"column\">\n<p class=\"p1\"><span class=\"s1\">Crema facial con protecci\u00f3n solar de amplio espectro para todo tipo de pieles. <\/span><\/p>\n<p class=\"p1\"><span class=\"s1\">Textura ligera y no grasa. Enriquecida con Aloe Vera y un suave aroma, sin al\u00e9rgenos.<\/span><\/p>\n<p>Envase de 50ml.<\/p>\n<\/div>\n<\/div>\n<\/div>\n<\/div>\n<\/div>\n<\/div>\n","protected":false},"featured_media":5346,"comment_status":"open","ping_status":"closed","template":"","meta":[],"product_brand":[],"product_cat":[15],"product_tag":[],"class_list":["post-3497","product","type-product","status-publish","has-post-thumbnail","product_cat-sin-categorizar","first","instock","purchasable","product-type-simple"],"yoast_head":"<!-- This site is optimized with the Yoast SEO plugin v25.4 - https:\/\/yoast.com\/wordpress\/plugins\/seo\/ -->\n<title>Crema SPF 50+ Facial - Met\u00f3dyca<\/title>\n<meta name=\"description\" content=\"Crema SPF 50 + Facial. Protecci\u00f3n solar total para todo tipo de pieles. Textura ligera y no grasa. Enrquecida con Aloe Vera\" \/>\n<meta name=\"robots\" content=\"index, follow, max-snippet:-1, max-image-preview:large, max-video-preview:-1\" \/>\n<link rel=\"canonical\" href=\"https:\/\/metodyca.com\/?product=crema-spf\" \/>\n<meta property=\"og:locale\" content=\"es_ES\" \/>\n<meta property=\"og:type\" content=\"article\" \/>\n<meta property=\"og:title\" content=\"Crema SPF 50+ Facial - Met\u00f3dyca\" \/>\n<meta property=\"og:description\" content=\"Crema SPF 50 + Facial. Protecci\u00f3n solar total para todo tipo de pieles. Textura ligera y no grasa. Enrquecida con Aloe Vera\" \/>\n<meta property=\"og:url\" content=\"https:\/\/metodyca.com\/?product=crema-spf\" \/>\n<meta property=\"og:site_name\" content=\"Met\u00f3dyca\" \/>\n<meta property=\"article:modified_time\" content=\"2025-02-11T08:59:22+00:00\" \/>\n<meta property=\"og:image\" content=\"https:\/\/metodyca.com\/wp-content\/uploads\/2024\/10\/proteccion-solar-metodyca.webp\" \/>\n\t<meta property=\"og:image:width\" content=\"1200\" \/>\n\t<meta property=\"og:image:height\" content=\"1200\" \/>\n\t<meta property=\"og:image:type\" content=\"image\/webp\" \/>\n<meta name=\"twitter:card\" content=\"summary_large_image\" \/>\n<meta name=\"twitter:label1\" content=\"Tiempo de lectura\" \/>\n\t<meta name=\"twitter:data1\" content=\"2 minutos\" \/>\n<script type=\"application\/ld+json\" class=\"yoast-schema-graph\">{\"@context\":\"https:\/\/schema.org\",\"@graph\":[{\"@type\":\"WebPage\",\"@id\":\"https:\/\/metodyca.com\/?product=crema-spf\",\"url\":\"https:\/\/metodyca.com\/?product=crema-spf\",\"name\":\"Crema SPF 50+ Facial - Met\u00f3dyca\",\"isPartOf\":{\"@id\":\"\/#website\"},\"primaryImageOfPage\":{\"@id\":\"https:\/\/metodyca.com\/?product=crema-spf#primaryimage\"},\"image\":{\"@id\":\"https:\/\/metodyca.com\/?product=crema-spf#primaryimage\"},\"thumbnailUrl\":\"https:\/\/metodyca.com\/wp-content\/uploads\/2024\/10\/proteccion-solar-metodyca.webp\",\"datePublished\":\"2024-05-10T07:22:32+00:00\",\"dateModified\":\"2025-02-11T08:59:22+00:00\",\"description\":\"Crema SPF 50 + Facial. Protecci\u00f3n solar total para todo tipo de pieles. Textura ligera y no grasa. Enrquecida con Aloe Vera\",\"breadcrumb\":{\"@id\":\"https:\/\/metodyca.com\/?product=crema-spf#breadcrumb\"},\"inLanguage\":\"es\",\"potentialAction\":[{\"@type\":\"ReadAction\",\"target\":[\"https:\/\/metodyca.com\/?product=crema-spf\"]}]},{\"@type\":\"ImageObject\",\"inLanguage\":\"es\",\"@id\":\"https:\/\/metodyca.com\/?product=crema-spf#primaryimage\",\"url\":\"https:\/\/metodyca.com\/wp-content\/uploads\/2024\/10\/proteccion-solar-metodyca.webp\",\"contentUrl\":\"https:\/\/metodyca.com\/wp-content\/uploads\/2024\/10\/proteccion-solar-metodyca.webp\",\"width\":1200,\"height\":1200},{\"@type\":\"BreadcrumbList\",\"@id\":\"https:\/\/metodyca.com\/?product=crema-spf#breadcrumb\",\"itemListElement\":[{\"@type\":\"ListItem\",\"position\":1,\"name\":\"Portada\",\"item\":\"https:\/\/metodyca.com\/\"},{\"@type\":\"ListItem\",\"position\":2,\"name\":\"Crema SPF 50+ Facial\"}]},{\"@type\":\"WebSite\",\"@id\":\"\/#website\",\"url\":\"\/\",\"name\":\"Met\u00f3dyca\",\"description\":\"M\u00e9todo de Est\u00e9tica Avanzada\",\"publisher\":{\"@id\":\"\/#organization\"},\"potentialAction\":[{\"@type\":\"SearchAction\",\"target\":{\"@type\":\"EntryPoint\",\"urlTemplate\":\"\/?s={search_term_string}\"},\"query-input\":{\"@type\":\"PropertyValueSpecification\",\"valueRequired\":true,\"valueName\":\"search_term_string\"}}],\"inLanguage\":\"es\"},{\"@type\":\"Organization\",\"@id\":\"\/#organization\",\"name\":\"Met\u00f3dyca\",\"url\":\"\/\",\"logo\":{\"@type\":\"ImageObject\",\"inLanguage\":\"es\",\"@id\":\"\/#\/schema\/logo\/image\/\",\"url\":\"https:\/\/metodyca.com\/wp-content\/uploads\/2024\/02\/metodyca_logo.svg\",\"contentUrl\":\"https:\/\/metodyca.com\/wp-content\/uploads\/2024\/02\/metodyca_logo.svg\",\"width\":216,\"height\":61,\"caption\":\"Met\u00f3dyca\"},\"image\":{\"@id\":\"\/#\/schema\/logo\/image\/\"}}]}<\/script>\n<!-- \/ Yoast SEO plugin. -->","yoast_head_json":{"title":"Crema SPF 50+ Facial - Met\u00f3dyca","description":"Crema SPF 50 + Facial. Protecci\u00f3n solar total para todo tipo de pieles. Textura ligera y no grasa. Enrquecida con Aloe Vera","robots":{"index":"index","follow":"follow","max-snippet":"max-snippet:-1","max-image-preview":"max-image-preview:large","max-video-preview":"max-video-preview:-1"},"canonical":"https:\/\/metodyca.com\/?product=crema-spf","og_locale":"es_ES","og_type":"article","og_title":"Crema SPF 50+ Facial - Met\u00f3dyca","og_description":"Crema SPF 50 + Facial. Protecci\u00f3n solar total para todo tipo de pieles. Textura ligera y no grasa. Enrquecida con Aloe Vera","og_url":"https:\/\/metodyca.com\/?product=crema-spf","og_site_name":"Met\u00f3dyca","article_modified_time":"2025-02-11T08:59:22+00:00","og_image":[{"width":1200,"height":1200,"url":"https:\/\/metodyca.com\/wp-content\/uploads\/2024\/10\/proteccion-solar-metodyca.webp","type":"image\/webp"}],"twitter_card":"summary_large_image","twitter_misc":{"Tiempo de lectura":"2 minutos"},"schema":{"@context":"https:\/\/schema.org","@graph":[{"@type":"WebPage","@id":"https:\/\/metodyca.com\/?product=crema-spf","url":"https:\/\/metodyca.com\/?product=crema-spf","name":"Crema SPF 50+ Facial - Met\u00f3dyca","isPartOf":{"@id":"\/#website"},"primaryImageOfPage":{"@id":"https:\/\/metodyca.com\/?product=crema-spf#primaryimage"},"image":{"@id":"https:\/\/metodyca.com\/?product=crema-spf#primaryimage"},"thumbnailUrl":"https:\/\/metodyca.com\/wp-content\/uploads\/2024\/10\/proteccion-solar-metodyca.webp","datePublished":"2024-05-10T07:22:32+00:00","dateModified":"2025-02-11T08:59:22+00:00","description":"Crema SPF 50 + Facial. Protecci\u00f3n solar total para todo tipo de pieles. Textura ligera y no grasa. Enrquecida con Aloe Vera","breadcrumb":{"@id":"https:\/\/metodyca.com\/?product=crema-spf#breadcrumb"},"inLanguage":"es","potentialAction":[{"@type":"ReadAction","target":["https:\/\/metodyca.com\/?product=crema-spf"]}]},{"@type":"ImageObject","inLanguage":"es","@id":"https:\/\/metodyca.com\/?product=crema-spf#primaryimage","url":"https:\/\/metodyca.com\/wp-content\/uploads\/2024\/10\/proteccion-solar-metodyca.webp","contentUrl":"https:\/\/metodyca.com\/wp-content\/uploads\/2024\/10\/proteccion-solar-metodyca.webp","width":1200,"height":1200},{"@type":"BreadcrumbList","@id":"https:\/\/metodyca.com\/?product=crema-spf#breadcrumb","itemListElement":[{"@type":"ListItem","position":1,"name":"Portada","item":"https:\/\/metodyca.com\/"},{"@type":"ListItem","position":2,"name":"Crema SPF 50+ Facial"}]},{"@type":"WebSite","@id":"\/#website","url":"\/","name":"Met\u00f3dyca","description":"M\u00e9todo de Est\u00e9tica Avanzada","publisher":{"@id":"\/#organization"},"potentialAction":[{"@type":"SearchAction","target":{"@type":"EntryPoint","urlTemplate":"\/?s={search_term_string}"},"query-input":{"@type":"PropertyValueSpecification","valueRequired":true,"valueName":"search_term_string"}}],"inLanguage":"es"},{"@type":"Organization","@id":"\/#organization","name":"Met\u00f3dyca","url":"\/","logo":{"@type":"ImageObject","inLanguage":"es","@id":"\/#\/schema\/logo\/image\/","url":"https:\/\/metodyca.com\/wp-content\/uploads\/2024\/02\/metodyca_logo.svg","contentUrl":"https:\/\/metodyca.com\/wp-content\/uploads\/2024\/02\/metodyca_logo.svg","width":216,"height":61,"caption":"Met\u00f3dyca"},"image":{"@id":"\/#\/schema\/logo\/image\/"}}]}},"_links":{"self":[{"href":"https:\/\/metodyca.com\/index.php?rest_route=\/wp\/v2\/product\/3497","targetHints":{"allow":["GET"]}}],"collection":[{"href":"https:\/\/metodyca.com\/index.php?rest_route=\/wp\/v2\/product"}],"about":[{"href":"https:\/\/metodyca.com\/index.php?rest_route=\/wp\/v2\/types\/product"}],"replies":[{"embeddable":true,"href":"https:\/\/metodyca.com\/index.php?rest_route=%2Fwp%2Fv2%2Fcomments&post=3497"}],"version-history":[{"count":11,"href":"https:\/\/metodyca.com\/index.php?rest_route=\/wp\/v2\/product\/3497\/revisions"}],"predecessor-version":[{"id":4204,"href":"https:\/\/metodyca.com\/index.php?rest_route=\/wp\/v2\/product\/3497\/revisions\/4204"}],"wp:featuredmedia":[{"embeddable":true,"href":"https:\/\/metodyca.com\/index.php?rest_route=\/wp\/v2\/media\/5346"}],"wp:attachment":[{"href":"https:\/\/metodyca.com\/index.php?rest_route=%2Fwp%2Fv2%2Fmedia&parent=3497"}],"wp:term":[{"taxonomy":"product_brand","embeddable":true,"href":"https:\/\/metodyca.com\/index.php?rest_route=%2Fwp%2Fv2%2Fproduct_brand&post=3497"},{"taxonomy":"product_cat","embeddable":true,"href":"https:\/\/metodyca.com\/index.php?rest_route=%2Fwp%2Fv2%2Fproduct_cat&post=3497"},{"taxonomy":"product_tag","embeddable":true,"href":"https:\/\/metodyca.com\/index.php?rest_route=%2Fwp%2Fv2%2Fproduct_tag&post=3497"}],"curies":[{"name":"wp","href":"https:\/\/api.w.org\/{rel}","templated":true}]}}